{"id":3896,"date":"2020-04-02T10:37:49","date_gmt":"2020-04-02T14:37:49","guid":{"rendered":"http:\/\/staging.rdeecanada.flywheelsites.com\/nouvelles\/avis-de-manifestation-dinteret-pour-le-volet-entrepreneuriat-de-la-strategie-nationale-en-petite-enfance\/"},"modified":"2020-04-02T10:37:49","modified_gmt":"2020-04-02T14:37:49","slug":"avis-de-manifestation-dinteret-pour-le-volet-entrepreneuriat-de-la-strategie-nationale-en-petite-enfance","status":"publish","type":"nouvelles","link":"https:\/\/rdee.ca\/en\/nouvelles\/avis-de-manifestation-dinteret-pour-le-volet-entrepreneuriat-de-la-strategie-nationale-en-petite-enfance\/","title":{"rendered":"Avis de manifestation d\u2019int\u00e9r\u00eat pour le volet entrepreneuriat de la strat\u00e9gie nationale en petite enfance"},"content":{"rendered":"<p>Dans le cadre de la mise en oeuvre de son plan entrepreneurial national pour le d\u00e9veloppement des services \u00e0 la petite enfance dans les communaut\u00e9s de langue officielle en situation minoritaire (CLOSM), le RD\u00c9E Canada lance un appel \u00e0 manifestation d\u2019int\u00e9r\u00eat pour identifier les acteurs et les attentes des personnes\/groupes int\u00e9ress\u00e9es par la mise en place de projets encourageant la cr\u00e9ation et l\u2019expansion des services \u00e0 la petite enfance en fran\u00e7ais dans les CLOSM et ce, pr\u00e9alablement au lancement d\u2019un appel d\u2019offres national pour la d\u00e9signation d\u2019un ou plusieurs fournisseurs de services.<\/p>\n<p>Cette initiative tr\u00e8s large s\u2019adresse \u00e0 tout type d\u2019acteurs francophones (individuels, groupes, structures priv\u00e9es, associations, centres communautaires etc.). Le pr\u00e9sent appel vise \u00e0 identifier les projets \u00e0 maturit\u00e9 (c\u2019est-\u00e0-dire pr\u00eats \u00e0 \u00eatre mis en oeuvre) pour r\u00e9pondre aux objectifs \u00e9nonc\u00e9s ci-dessous. Ces propositions pourront prendre diff\u00e9rentes formes : mise en place de nouvelles structures, expansion de services dans les structures existantes, projets d\u2019innovations etc., et ce, en fonction des activit\u00e9s admissibles \u00e9num\u00e9r\u00e9es plus bas. De plus, des donn\u00e9es\/cibles chiffr\u00e9es en termes de nombre de nouvelles places dans les garderies francophones cr\u00e9\u00e9es devront \u00eatre pr\u00e9sent\u00e9es dans les propositions.<\/p>\n<p>Pour ce faire, le RD\u00c9E Canada invite les organismes et acteurs int\u00e9ress\u00e9s \u00e0 lui faire parvenir d\u2019ici le 3 d\u00e9cembre \u00e0 midi (heure de l\u2019est) un courriel avec les noms et coordonn\u00e9es des partenaires potentiels ainsi qu\u2019un court texte de 200 mots maximum expliquant bri\u00e8vement l\u2019initiative qui pourra \u00eatre pr\u00e9sent\u00e9e et le nombre de places en garderies francophones qui peut \u00eatre d\u00e9velopp\u00e9e avec cette initiative. La volont\u00e9 est de valoriser les projets collaboratifs incluant les acteurs majeurs sur le terrain.<\/p>\n<p>Cet appel pourra ainsi aider \u00e0 mieux cerner les attentes du march\u00e9 et \u00e0 mieux les int\u00e9grer pour les prendre en compte dans une consultation future que le RD\u00c9E et ses partenaires pourraient d\u00e9cider d\u2019envisager. Les propositions seront trait\u00e9es de fa\u00e7on confidentielle.<\/p>\n<p>Le RD\u00c9E Canada, en partenariat avec quatre autres organismes partenaires nationaux l\u2019Association des coll\u00e8ges et universit\u00e9s francophones du Canada (ACUFC); la Commission nationale des parents francophones (CNPF); la soci\u00e9t\u00e9 sant\u00e9 en Fran\u00e7ais (SSF), la F\u00e9d\u00e9ration nationale des conseils scolaires francophones (FNCSF), a d\u00e9pos\u00e9 un Plan global en Petite Enfance \u00e0 Emploi et D\u00e9veloppement Social Canada (EDSC) en mai 2019. Il est le fruit de la collecte de donn\u00e9es par les partenaires de la Strat\u00e9gie nationale strat\u00e9gique en Petite Enfance dans chaque province et territoire. Le Comit\u00e9 de gestion nationale en petite enfance par l\u2019entremise de l\u2019approche interm\u00e9diaire administre les fonds destin\u00e9s aux communaut\u00e9s francophones en situation minoritaire (CFSM) pour assurer le d\u00e9veloppement des services en petite enfance.<\/p>\n<p>Le RD\u00c9E Canada favorise depuis 20 ans le d\u00e9veloppement \u00e9conomique des communaut\u00e9s francophones et acadiennes en appuyant les actions collectives de ses membres et en assurant un leadership national bas\u00e9 sur la collaboration et les partenariats. RD\u00c9E Canada est pr\u00e9sent dans toutes les provinces et tous les territoires par le biais des organismes provinciaux ou territoriaux. Ensemble, ils forment le R\u00e9seau national et soutiennent deux axes essentiels de l\u2019\u00e9conomie canadienne : le d\u00e9veloppement des affaires et l\u2019employabilit\u00e9.<\/p>\n<p><strong>DEMANDES DE RENSEIGNEMENTS<\/strong><\/p>\n<p>Vous pouvez poser vos questions relatives au pr\u00e9sent appel en \u00e9crivant \u00e0\u00a0<a href=\"mailto:petite.enfance@rdee.ca\">petite.enfance@rdee.ca<\/a><\/p>\n<p><strong>CL\u00d4TURE DE L\u2019APPEL \u00c0 MANIFESTATION D\u2019INT\u00c9R\u00caT<\/strong><\/p>\n<p>Les propositions doivent \u00eatre envoy\u00e9es par courriel, imp\u00e9rativement avant la cl\u00f4ture de l\u2019avis, la date et l\u2019heure de r\u00e9ception faisant foi : le 3 d\u00e9cembre \u00e0 midi (heure de l\u2019Est) \u00e0 l\u2019adresse\u00a0<a href=\"mailto:petite.enfance@rdee.ca\">petite.enfance@rdee.ca<\/a><\/p>\n<p><strong>Liste des activit\u00e9s admissibles et non admissibles<\/strong><\/p>\n<p>Activit\u00e9s admissibles<\/p>\n<p>Voici une liste non exhaustive des activit\u00e9s qui sont admissibles dans le cadre du domaine de la petite enfance :<\/p>\n<ul>\n<li>Cr\u00e9ation, la consolidation, la pr\u00e9servation et la mobilisation de partenaires et d\u2019intervenants<\/li>\n<li>D\u00e9veloppement et le maintien de r\u00e9seaux et la facilitation des occasions de r\u00e9seautage et de partage d\u2019information<\/li>\n<li>Conduite des processus pour mobiliser les partenaires communautaires afin de planifier, de prioriser, de mettre en place et de maintenir les activit\u00e9s de d\u00e9veloppement \u00e9conomique et communautaire et de d\u00e9veloppement des ressources humaines<\/li>\n<li>Appui aux activit\u00e9s des intervenants dans les communaut\u00e9s (p. ex. cr\u00e9ation de partenariats pour les CLOSM)<\/li>\n<li>Soutien au d\u00e9veloppement de propositions de projets, de plans d\u2019affaires, d\u2019\u00e9tudes de faisabilit\u00e9, etc.<\/li>\n<li>Cr\u00e9ation d\u2019outils d\u2019apprentissage pour les personnes et les entreprises<\/li>\n<li>Qui sont porteuses, innovantes et structurantes pour le d\u00e9veloppement de nouvelles places en service de garde en fran\u00e7ais au pays<\/li>\n<li>Qui regroupent l\u2019appui et la collaboration de plusieurs partenaires et qui ont fait l\u2019objet d\u2019un certain consensus \u00e0 l\u2019int\u00e9rieur des communaut\u00e9s francophones<\/li>\n<li>Qui d\u00e9montrent clairement le nombre de nouvelles places cr\u00e9\u00e9es dans le cadre de l\u2019initiative propos\u00e9e<\/li>\n<\/ul>\n<p>Activit\u00e9s non admissibles<\/p>\n<p>Voici une liste non exhaustive des activit\u00e9s qui ne sont pas admissibles dans le cadre du domaine de la petite enfance :<\/p>\n<ul>\n<li>Publicit\u00e9<\/li>\n<li>Activit\u00e9s de financement<\/li>\n<li>Op\u00e9rations normales de l\u2019organisation (tels que les frais de participation \u00e0 des conf\u00e9rences, les frais de conf\u00e9rences, les logiciels de base, la location ou l\u2019achat d\u2019\u00e9quipement et mobilier)<\/li>\n<li>N\u00e9gociations aupr\u00e8s du gouvernement provincial ou territorial visant \u00e0 augmenter le nombre de places subventionn\u00e9es ou le montant de leur subvention<\/li>\n<li>Lev\u00e9es de fonds pour les garderies ou services de garde<\/li>\n<li>\u00c9v\u00e9nements li\u00e9s \u00e0 la promotion des services de garde francophones<\/li>\n<li>R\u00e9parations ou r\u00e9novations de locaux destin\u00e9s \u00e0 la petite enfance<\/li>\n<li>Services de recherches de locaux destin\u00e9s \u00e0 la petite enfance<\/li>\n<li>Fonds de d\u00e9marrage<\/li>\n<\/ul>\n","protected":false},"parent":0,"template":"","categorie-de-nouvelle":[78,79,83,82,81,64,80],"class_list":["post-3896","nouvelles","type-nouvelles","status-publish","hentry","categorie-de-nouvelle-economic-francophonie","categorie-de-nouvelle-economic-immigration","categorie-de-nouvelle-employability","categorie-de-nouvelle-entrepreneurship","categorie-de-nouvelle-sustainable-development","categorie-de-nouvelle-tourism","categorie-de-nouvelle-youth-and-the-economy"],"acf":[],"yoast_head":"<!-- This site is optimized with the Yoast SEO plugin v25.7 - https:\/\/yoast.com\/wordpress\/plugins\/seo\/ -->\n<title>Avis de manifestation d\u2019int\u00e9r\u00eat pour le volet entrepreneuriat de la strat\u00e9gie nationale en petite enfance - RD\u00c9E Canada<\/title>\n<meta name=\"robots\" content=\"index, follow, max-snippet:-1, max-image-preview:large, max-video-preview:-1\" \/>\n<link rel=\"canonical\" href=\"https:\/\/rdee.ca\/en\/nouvelles\/avis-de-manifestation-dinteret-pour-le-volet-entrepreneuriat-de-la-strategie-nationale-en-petite-enfance\/\" \/>\n<meta property=\"og:locale\" content=\"en_US\" \/>\n<meta property=\"og:type\" content=\"article\" \/>\n<meta property=\"og:title\" content=\"Avis de manifestation d\u2019int\u00e9r\u00eat pour le volet entrepreneuriat de la strat\u00e9gie nationale en petite enfance - RD\u00c9E Canada\" \/>\n<meta property=\"og:description\" content=\"Dans le cadre de la mise en oeuvre de son plan entrepreneurial national pour le d\u00e9veloppement des services \u00e0 la petite enfance dans les communaut\u00e9s de langue officielle en situation minoritaire (CLOSM), le RD\u00c9E Canada lance un appel \u00e0 manifestation d\u2019int\u00e9r\u00eat pour identifier les acteurs et les attentes des personnes\/groupes int\u00e9ress\u00e9es par la mise en [&hellip;]\" \/>\n<meta property=\"og:url\" content=\"https:\/\/rdee.ca\/en\/nouvelles\/avis-de-manifestation-dinteret-pour-le-volet-entrepreneuriat-de-la-strategie-nationale-en-petite-enfance\/\" \/>\n<meta property=\"og:site_name\" content=\"RD\u00c9E Canada\" \/>\n<meta name=\"twitter:card\" content=\"summary_large_image\" \/>\n<meta name=\"twitter:label1\" content=\"Est. reading time\" \/>\n\t<meta name=\"twitter:data1\" content=\"5 minutes\" \/>\n<script type=\"application\/ld+json\" class=\"yoast-schema-graph\">{\"@context\":\"https:\/\/schema.org\",\"@graph\":[{\"@type\":\"WebPage\",\"@id\":\"https:\/\/rdee.ca\/en\/nouvelles\/avis-de-manifestation-dinteret-pour-le-volet-entrepreneuriat-de-la-strategie-nationale-en-petite-enfance\/\",\"url\":\"https:\/\/rdee.ca\/en\/nouvelles\/avis-de-manifestation-dinteret-pour-le-volet-entrepreneuriat-de-la-strategie-nationale-en-petite-enfance\/\",\"name\":\"Avis de manifestation d\u2019int\u00e9r\u00eat pour le volet entrepreneuriat de la strat\u00e9gie nationale en petite enfance - RD\u00c9E Canada\",\"isPartOf\":{\"@id\":\"https:\/\/rdee.ca\/#website\"},\"datePublished\":\"2020-04-02T14:37:49+00:00\",\"breadcrumb\":{\"@id\":\"https:\/\/rdee.ca\/en\/nouvelles\/avis-de-manifestation-dinteret-pour-le-volet-entrepreneuriat-de-la-strategie-nationale-en-petite-enfance\/#breadcrumb\"},\"inLanguage\":\"en-US\",\"potentialAction\":[{\"@type\":\"ReadAction\",\"target\":[\"https:\/\/rdee.ca\/en\/nouvelles\/avis-de-manifestation-dinteret-pour-le-volet-entrepreneuriat-de-la-strategie-nationale-en-petite-enfance\/\"]}]},{\"@type\":\"BreadcrumbList\",\"@id\":\"https:\/\/rdee.ca\/en\/nouvelles\/avis-de-manifestation-dinteret-pour-le-volet-entrepreneuriat-de-la-strategie-nationale-en-petite-enfance\/#breadcrumb\",\"itemListElement\":[{\"@type\":\"ListItem\",\"position\":1,\"name\":\"Accueil\",\"item\":\"https:\/\/rdee.ca\/en\/\"},{\"@type\":\"ListItem\",\"position\":2,\"name\":\"Nouvelles\",\"item\":\"https:\/\/rdee.ca\/nouvelles\/\"},{\"@type\":\"ListItem\",\"position\":3,\"name\":\"Avis de manifestation d\u2019int\u00e9r\u00eat pour le volet entrepreneuriat de la strat\u00e9gie nationale en petite enfance\"}]},{\"@type\":\"WebSite\",\"@id\":\"https:\/\/rdee.ca\/#website\",\"url\":\"https:\/\/rdee.ca\/\",\"name\":\"RD\u00c9E Canada\",\"description\":\"Le leader du d\u00e9veloppement \u00e9conomique des communaut\u00e9s francophones et acadienne\",\"potentialAction\":[{\"@type\":\"SearchAction\",\"target\":{\"@type\":\"EntryPoint\",\"urlTemplate\":\"https:\/\/rdee.ca\/?s={search_term_string}\"},\"query-input\":{\"@type\":\"PropertyValueSpecification\",\"valueRequired\":true,\"valueName\":\"search_term_string\"}}],\"inLanguage\":\"en-US\"}]}<\/script>\n<!-- \/ Yoast SEO plugin. -->","yoast_head_json":{"title":"Avis de manifestation d\u2019int\u00e9r\u00eat pour le volet entrepreneuriat de la strat\u00e9gie nationale en petite enfance - RD\u00c9E Canada","robots":{"index":"index","follow":"follow","max-snippet":"max-snippet:-1","max-image-preview":"max-image-preview:large","max-video-preview":"max-video-preview:-1"},"canonical":"https:\/\/rdee.ca\/en\/nouvelles\/avis-de-manifestation-dinteret-pour-le-volet-entrepreneuriat-de-la-strategie-nationale-en-petite-enfance\/","og_locale":"en_US","og_type":"article","og_title":"Avis de manifestation d\u2019int\u00e9r\u00eat pour le volet entrepreneuriat de la strat\u00e9gie nationale en petite enfance - RD\u00c9E Canada","og_description":"Dans le cadre de la mise en oeuvre de son plan entrepreneurial national pour le d\u00e9veloppement des services \u00e0 la petite enfance dans les communaut\u00e9s de langue officielle en situation minoritaire (CLOSM), le RD\u00c9E Canada lance un appel \u00e0 manifestation d\u2019int\u00e9r\u00eat pour identifier les acteurs et les attentes des personnes\/groupes int\u00e9ress\u00e9es par la mise en [&hellip;]","og_url":"https:\/\/rdee.ca\/en\/nouvelles\/avis-de-manifestation-dinteret-pour-le-volet-entrepreneuriat-de-la-strategie-nationale-en-petite-enfance\/","og_site_name":"RD\u00c9E Canada","twitter_card":"summary_large_image","twitter_misc":{"Est. reading time":"5 minutes"},"schema":{"@context":"https:\/\/schema.org","@graph":[{"@type":"WebPage","@id":"https:\/\/rdee.ca\/en\/nouvelles\/avis-de-manifestation-dinteret-pour-le-volet-entrepreneuriat-de-la-strategie-nationale-en-petite-enfance\/","url":"https:\/\/rdee.ca\/en\/nouvelles\/avis-de-manifestation-dinteret-pour-le-volet-entrepreneuriat-de-la-strategie-nationale-en-petite-enfance\/","name":"Avis de manifestation d\u2019int\u00e9r\u00eat pour le volet entrepreneuriat de la strat\u00e9gie nationale en petite enfance - RD\u00c9E Canada","isPartOf":{"@id":"https:\/\/rdee.ca\/#website"},"datePublished":"2020-04-02T14:37:49+00:00","breadcrumb":{"@id":"https:\/\/rdee.ca\/en\/nouvelles\/avis-de-manifestation-dinteret-pour-le-volet-entrepreneuriat-de-la-strategie-nationale-en-petite-enfance\/#breadcrumb"},"inLanguage":"en-US","potentialAction":[{"@type":"ReadAction","target":["https:\/\/rdee.ca\/en\/nouvelles\/avis-de-manifestation-dinteret-pour-le-volet-entrepreneuriat-de-la-strategie-nationale-en-petite-enfance\/"]}]},{"@type":"BreadcrumbList","@id":"https:\/\/rdee.ca\/en\/nouvelles\/avis-de-manifestation-dinteret-pour-le-volet-entrepreneuriat-de-la-strategie-nationale-en-petite-enfance\/#breadcrumb","itemListElement":[{"@type":"ListItem","position":1,"name":"Accueil","item":"https:\/\/rdee.ca\/en\/"},{"@type":"ListItem","position":2,"name":"Nouvelles","item":"https:\/\/rdee.ca\/nouvelles\/"},{"@type":"ListItem","position":3,"name":"Avis de manifestation d\u2019int\u00e9r\u00eat pour le volet entrepreneuriat de la strat\u00e9gie nationale en petite enfance"}]},{"@type":"WebSite","@id":"https:\/\/rdee.ca\/#website","url":"https:\/\/rdee.ca\/","name":"RD\u00c9E Canada","description":"Le leader du d\u00e9veloppement \u00e9conomique des communaut\u00e9s francophones et acadienne","potentialAction":[{"@type":"SearchAction","target":{"@type":"EntryPoint","urlTemplate":"https:\/\/rdee.ca\/?s={search_term_string}"},"query-input":{"@type":"PropertyValueSpecification","valueRequired":true,"valueName":"search_term_string"}}],"inLanguage":"en-US"}]}},"publishpress_future_workflow_manual_trigger":{"enabledWorkflows":[]},"_links":{"self":[{"href":"https:\/\/rdee.ca\/en\/wp-json\/wp\/v2\/nouvelles\/3896","targetHints":{"allow":["GET"]}}],"collection":[{"href":"https:\/\/rdee.ca\/en\/wp-json\/wp\/v2\/nouvelles"}],"about":[{"href":"https:\/\/rdee.ca\/en\/wp-json\/wp\/v2\/types\/nouvelles"}],"version-history":[{"count":0,"href":"https:\/\/rdee.ca\/en\/wp-json\/wp\/v2\/nouvelles\/3896\/revisions"}],"wp:attachment":[{"href":"https:\/\/rdee.ca\/en\/wp-json\/wp\/v2\/media?parent=3896"}],"wp:term":[{"taxonomy":"categorie-de-nouvelle","embeddable":true,"href":"https:\/\/rdee.ca\/en\/wp-json\/wp\/v2\/categorie-de-nouvelle?post=3896"}],"curies":[{"name":"wp","href":"https:\/\/api.w.org\/{rel}","templated":true}]}}